{"id":310,"date":"2012-07-03T18:40:11","date_gmt":"2012-07-03T16:40:11","guid":{"rendered":"http:\/\/blogs.hoy.es\/lamiradaatenta\/wp-content\/uploads\/sites\/24\/2012\/07\/guadilobabvacio.jpg"},"modified":"2012-07-03T18:40:11","modified_gmt":"2012-07-03T16:40:11","slug":"guadilobabvacio","status":"inherit","type":"attachment","link":"https:\/\/blogs.hoy.es\/lamiradaatenta\/2012\/07\/03\/el-agua-como-noticia-de-la-sequia-a-la-inundacion\/guadilobabvacio\/","title":{"rendered":"El embalse del Guadiloba cas\u00ed vac\u00edo durante la sequ\u00eda de 1991."},"author":3,"comment_status":"open","ping_status":"closed","template":"","meta":[],"description":{"rendered":"<p class=\"attachment\"><a href=\"https:\/\/static-blogs.hoy.es\/wp-content\/uploads\/sites\/24\/2012\/07\/guadilobabvacio.jpg\"><img width=\"300\" height=\"190\" src=\"https:\/\/static-blogs.hoy.es\/wp-content\/uploads\/sites\/24\/2012\/07\/guadilobabvacio-300x190.jpg\" class=\"attachment-medium size-medium\" alt=\"El embalse del Guadiloba cas\u00ed vac\u00edo durante la sequ\u00eda de 1991.\" loading=\"lazy\" srcset=\"https:\/\/static-blogs.hoy.es\/wp-content\/uploads\/sites\/24\/2012\/07\/guadilobabvacio-300x190.jpg 300w, https:\/\/static-blogs.hoy.es\/wp-content\/uploads\/sites\/24\/2012\/07\/guadilobabvacio-150x95.jpg 150w, https:\/\/static-blogs.hoy.es\/wp-content\/uploads\/sites\/24\/2012\/07\/guadilobabvacio-768x487.jpg 768w, https:\/\/static-blogs.hoy.es\/wp-content\/uploads\/sites\/24\/2012\/07\/guadilobabvacio-650x412.jpg 650w\" sizes=\"(max-width: 300px) 100vw, 300px\" \/><\/a><\/p>\n<p>El embalse del Guadiloba cas\u00ed vac\u00edo durante la sequ\u00eda de 1991.<\/p>\n<!-- AddThis Advanced Settings generic via filter on the_content --><!-- AddThis Share Buttons generic via filter on the_content -->"},"caption":{"rendered":"<p>El embalse del Guadiloba cas\u00ed vac\u00edo durante la sequ\u00eda de 1991.<!-- AddThis Advanced Settings generic via filter on get_the_excerpt --><!-- AddThis Share Buttons generic via filter on get_the_excerpt --><\/p>\n"},"alt_text":"El embalse del Guadiloba cas\u00ed vac\u00edo durante la sequ\u00eda de 1991.","media_type":"image","mime_type":"image\/jpeg","media_details":{"width":3150,"height":1999,"file":"2012\/07\/guadilobabvacio.jpg","sizes":{"thumbnail":{"file":"guadilobabvacio-150x95.jpg","width":150,"height":95,"mime_type":"image\/jpeg","source_url":"https:\/\/blogs.hoy.es\/lamiradaatenta\/wp-content\/uploads\/sites\/24\/2012\/07\/guadilobabvacio-150x95.jpg"},"medium":{"file":"guadilobabvacio-300x190.jpg","width":300,"height":190,"mime_type":"image\/jpeg","source_url":"https:\/\/blogs.hoy.es\/lamiradaatenta\/wp-content\/uploads\/sites\/24\/2012\/07\/guadilobabvacio-300x190.jpg"},"medium_large":{"file":"guadilobabvacio-768x487.jpg","width":768,"height":487,"mime_type":"image\/jpeg","source_url":"https:\/\/blogs.hoy.es\/lamiradaatenta\/wp-content\/uploads\/sites\/24\/2012\/07\/guadilobabvacio-768x487.jpg"},"large":{"file":"guadilobabvacio-650x412.jpg","width":650,"height":412,"mime_type":"image\/jpeg","source_url":"https:\/\/blogs.hoy.es\/lamiradaatenta\/wp-content\/uploads\/sites\/24\/2012\/07\/guadilobabvacio-650x412.jpg"},"full":{"file":"guadilobabvacio.jpg","width":3150,"height":1999,"mime_type":"image\/jpeg","source_url":"https:\/\/blogs.hoy.es\/lamiradaatenta\/wp-content\/uploads\/sites\/24\/2012\/07\/guadilobabvacio.jpg"}},"image_meta":{"aperture":"0","credit":"","camera":"","caption":"","created_timestamp":"0","copyright":"","focal_length":"0","iso":"0","shutter_speed":"0","title":"","orientation":"1","keywords":[]}},"post":309,"source_url":"https:\/\/blogs.hoy.es\/lamiradaatenta\/wp-content\/uploads\/sites\/24\/2012\/07\/guadilobabvacio.jpg","_links":{"self":[{"href":"https:\/\/blogs.hoy.es\/lamiradaatenta\/wp-json\/wp\/v2\/media\/310"}],"collection":[{"href":"https:\/\/blogs.hoy.es\/lamiradaatenta\/wp-json\/wp\/v2\/media"}],"about":[{"href":"https:\/\/blogs.hoy.es\/lamiradaatenta\/wp-json\/wp\/v2\/types\/attachment"}],"author":[{"embeddable":true,"href":"https:\/\/blogs.hoy.es\/lamiradaatenta\/wp-json\/wp\/v2\/users\/3"}],"replies":[{"embeddable":true,"href":"https:\/\/blogs.hoy.es\/lamiradaatenta\/wp-json\/wp\/v2\/comments?post=310"}]}}