{"id":120,"date":"2013-02-03T16:26:51","date_gmt":"2013-02-03T14:26:51","guid":{"rendered":"http:\/\/blogs.hoy.es\/meteobadajoz\/?page_id=120"},"modified":"2013-02-03T16:26:51","modified_gmt":"2013-02-03T14:26:51","slug":"modelos","status":"publish","type":"page","link":"https:\/\/blogs.hoy.es\/meteobadajoz\/modelos\/","title":{"rendered":"Gu\u00eda r\u00e1pida para consulta de modelos meteorol\u00f3gicos"},"content":{"rendered":"<div style=\"text-align: center;\">\n<h2 style=\"text-align: left;\"><span style=\"color: #000000; font-size: small;\"><strong>\u00bb\u00a0Esta peque\u00f1a gu\u00eda b\u00e1sica ayudar\u00e1 a aquellos aficionados que ahora se inicien en el mundo de la meteorolog\u00eda, o\u00a0simplemente\u00a0para\u00a0aquellas personas interesadas en la consulta de predicciones, <\/strong><strong>abandonando el cl\u00e1sico mapa de s\u00edmbolos y<\/strong>\u00a0<strong>recurriendo a los mapas en bruto.<\/strong><\/span><\/h2>\n<div><img loading=\"lazy\" class=\"aligncenter\" style=\"border: 0px; margin-top: 0px; margin-bottom: 0px;\" src=\"\/\/nsae01.casimages.net\/img\/2014\/03\/31\/140331015701497594.png\" alt=\"\" width=\"640\" height=\"350\" \/><\/div>\n<div><span style=\"color: #ffffff;\">.<\/span><\/div>\n<div><strong><span style=\"color: #ff0000;\">NOTA: Los mapas que se muestran a continuaci\u00f3n, se actualizan constantemente en las sucesivas salidas o actualizaciones diarias de los modelos meteorol\u00f3gicos disponibles en Internet. Queda totalmente prohibida la copia total o parcial de este art\u00edculo, sin el consentimiento de su autor, o la referencia al art\u00edculo de origen.<\/span><\/strong><\/div>\n<div style=\"text-align: left;\">\n<div style=\"text-align: center;\"><span style=\"color: #ffffff;\">.<\/span><\/div>\n<div><span style=\"color: #000000;\"><strong style=\"font-size: x-large; text-align: left;\">1. Predicciones meteorol\u00f3gicas a corto y medio plazo<\/strong><\/span><\/div>\n<div><span style=\"color: #ffffff;\">.<\/span><\/div>\n<div><span style=\"color: #ffffff;\">.<\/span><\/div>\n<div style=\"text-align: center;\"><span style=\"text-decoration: underline;\"><span style=\"color: #ff0000; text-decoration: underline;\"><strong style=\"font-size: x-large;\"><span style=\"font-family: Helvetica Neue, Arial, Helvetica, sans-serif;\">1.1 GFS (G<\/span><\/strong><span style=\"font-size: x-large; font-family: 'Helvetica Neue', Arial, Helvetica, sans-serif;\">lobal<\/span><strong style=\"font-size: x-large;\"><span style=\"font-family: Helvetica Neue, Arial, Helvetica, sans-serif;\"> F<\/span><\/strong><span style=\"font-size: x-large; font-family: 'Helvetica Neue', Arial, Helvetica, sans-serif;\">orecast<\/span><strong style=\"font-size: x-large;\"><span style=\"font-family: Helvetica Neue, Arial, Helvetica, sans-serif;\"> S<\/span><\/strong><span style=\"font-size: x-large; font-family: 'Helvetica Neue', Arial, Helvetica, sans-serif;\">ystem<\/span><strong style=\"font-size: x-large;\"><span style=\"font-family: Helvetica Neue, Arial, Helvetica, sans-serif;\">) \u00a0 \u00a0<\/span><\/strong><\/span><\/span><\/div>\n<div style=\"text-align: center;\"><span style=\"color: #ffffff;\">.<\/span><\/div>\n<div style=\"text-align: justify;\">\n<p><span style=\"color: #000000;\">-El modelo americano GFS fue creado por la <strong>NOAA<\/strong> (<strong>N<\/strong>ational <strong>O<\/strong>ceanic and <strong>A<\/strong>tmospheric <strong>A<\/strong>dministration). Es el \u00fanico de los modelos con cobertura global cuya producci\u00f3n de salidas de predicci\u00f3n est\u00e1n disponible gratuitamente y bajo dominio p\u00fablico a trav\u00e9s de Internet.\u00a0Tiene cuatro salidas o actualizaciones al d\u00eda\u00a0(00h\/06h\/12h\/18h\u00a0UTC),\u00a0con predicciones que alcanzan los 16 d\u00edas (384 horas). Las salidas m\u00e1s fiables son la de las 00h y 12h, ya que se realizan con radiosondeos.<\/span><\/p>\n<p><span style=\"color: #ffffff;\">.<\/span><\/p>\n<p style=\"text-align: center;\"><span style=\"text-decoration: underline; font-size: large;\"><strong><span style=\"font-family: 'Helvetica Neue', Arial, Helvetica, sans-serif; color: #000000; text-decoration: underline;\">\u00a0 \u00a0 Panel de altura geopotencial a 500 hPa (5.500 metros) + Isobaras \u00a0 \u00a0<\/span><\/strong><\/span><\/p>\n<p><span style=\"color: #000000;\">Los mapas de isobaras y altura geopotencial nos ayudan a tener una idea general de la <strong>situaci\u00f3n meteorol\u00f3gica<\/strong> actual, y la prevista para los pr\u00f3ximos d\u00edas. En el siguiente panel se toma como punto de partida una salida cualquiera del modelo GFS, y se presentan los mapas previstos para los pr\u00f3ximos 9 d\u00edas a la misma hora de dicha salida o actualizaci\u00f3n del modelo. Las l\u00edneas de color blanco representan las <em><strong>isobaras<\/strong><\/em> (lineas que unen puntos de la misma presi\u00f3n) a nivel de superficie, mostrando la distribuci\u00f3n de los centros de alta\/baja presi\u00f3n (anticiclones\/borrascas).<\/span><\/p>\n<p><span style=\"color: #000000;\">Tambi\u00e9n se muestra en colores la <strong>altura geopotencial del nivel de 500 hPa<\/strong> -hectopascales- (a unos 5.500 metros de altitud en la Troposfera). En aquellas zonas donde los colores son verdosos\/azules\/morados corresponden a hundimientos del nivel de 500 hPa (por debajo de su nivel medio de 5.500 metros) y, por tanto, all\u00ed donde dominan las bajas presiones. Todo lo contrario para los colores c\u00e1lidos:<\/span><\/p>\n<\/div>\n<\/div>\n<\/div>\n<div style=\"text-align: center;\">\n<div style=\"text-align: left;\">\n<div style=\"text-align: center;\"><img loading=\"lazy\" class=\"aligncenter\" style=\"border: 0px; margin-top: 0px; margin-bottom: 0px;\" src=\"\/\/www.wetterzentrale.de\/pics\/avnpanel1.gif\" alt=\"\" width=\"640\" height=\"496\" border=\"0\" \/><\/div>\n<div style=\"text-align: center;\"><span style=\"color: #000000;\">(C)\u00a0wetterzentrale.de<\/span><\/div>\n<div style=\"text-align: left;\">\n<div style=\"text-align: left;\"><span style=\"color: #ffffff; font-size: medium;\">.<\/span><\/div>\n<\/div>\n<\/div>\n<\/div>\n<div class=\"separator\" style=\"clear: both; text-align: left;\">\n<p style=\"text-align: center;\" align=\"LEFT\"><span style=\"font-family: Arial, Helvetica, sans-serif; color: #000000; font-size: medium;\"><strong><\/strong><span style=\"text-decoration: underline; font-size: large;\"><strong>\u00a0 \u00a0 Panel de temperaturas a 850 hPa (1.500 metros) \u00a0 \u00a0<\/strong><\/span><\/span><\/p>\n<p align=\"LEFT\"><span style=\"color: #000000;\"><span style=\"font-family: Arial, Helvetica, sans-serif; font-size: small; text-align: left;\">El mapa de temperaturas 850 hPa -hectopascales- (a unos 1.500 metros de altitud), es perfecto para observar la <\/span><strong style=\"font-family: Arial, Helvetica, sans-serif; font-size: small; text-align: left;\">evoluci\u00f3n de las temperaturas<\/strong><span style=\"font-family: Arial, Helvetica, sans-serif; font-size: small; text-align: left;\"> a lo largo de los d\u00edas, ya que no son las temperaturas que se registran en superficie y, por tanto, no se ven tan influenciadas por las diferencias t\u00e9rmicas del d\u00eda y la noche. Viendo las temperaturas a esta altura, a 1.500 metros, podemos \u201cadivinar\u201d las temperaturas que m\u00e1s o menos se pueden dar en superficie, as\u00ed como observar la <\/span><strong style=\"font-family: Arial, Helvetica, sans-serif; font-size: small; text-align: left;\">evoluci\u00f3n y dimensiones<\/strong><span style=\"font-family: Arial, Helvetica, sans-serif; font-size: small; text-align: left;\"> de las irrupciones de aire fr\u00edo o c\u00e1lido, normalmente dispuestas en los mapas en forma de &#8220;lenguas&#8221; (dorsales\/vaguadas).<\/span><\/span><\/p>\n<p align=\"LEFT\"><span style=\"font-family: Arial, Helvetica, sans-serif; color: #000000; font-size: small;\">En el siguiente mapa, se muestra una predicci\u00f3n de temperaturas a 850 hPa para los pr\u00f3ximos 9 d\u00edas, que corresponden a una salida concreta del modelo (00h\/06h\/12h\/18h UTC). Las <em><strong>isotermas<\/strong><\/em> (lineas que unen puntos con la misma temperatura) est\u00e1n etiquetadas con el valor de temperaturas cada 5\u00baC:<\/span><\/p>\n<p align=\"LEFT\">\n<\/div>\n<div class=\"separator\" style=\"clear: both; text-align: center;\"><img loading=\"lazy\" class=\"aligncenter\" style=\"margin-top: 0px; margin-bottom: 0px; border: 0px;\" src=\"\/\/www.wetterzentrale.de\/pics\/avnpanel2.gif\" alt=\"\" width=\"640\" height=\"496\" border=\"0\" \/><\/div>\n<div class=\"separator\" style=\"clear: both; text-align: center;\"><span style=\"color: #000000;\">(C)\u00a0wetterzentrale.de<\/span><\/div>\n<div style=\"text-align: center;\"><span style=\"color: #ffffff;\">.<\/span><\/div>\n<div>\n<p style=\"text-align: center;\" align=\"LEFT\"><span style=\"text-decoration: underline;\"><span style=\"font-size: large; color: #000000;\"><strong><\/strong><strong>\u00a0 \u00a0 Panel de acumulados de lluvia en 24h \u00a0<\/strong>\u00a0\u00a0<\/span><\/span><\/p>\n<p style=\"text-align: left;\" align=\"LEFT\"><span style=\"color: #000000;\">El siguiente panel de mapas muestra la acumulaci\u00f3n total de lluvia para los pr\u00f3ximos 9 d\u00edas, desde una salida concreta del modelo\u00a0(00h\/06h\/12h\/18h UTC), hasta las 24 horas despu\u00e9s. Los colores azules claros se corresponden con precipitaciones poco abundantes, mientras que los azules oscuros\/morados indican precipitaciones muy\u00a0abundantes:<\/span><\/p>\n<\/div>\n<div class=\"separator\" style=\"clear: both; text-align: center;\"><img loading=\"lazy\" class=\"aligncenter\" style=\"border: 0px; margin-top: 0px; margin-bottom: 0px;\" src=\"\/\/www.wetterzentrale.de\/pics\/avnpanel4.gif\" alt=\"\" width=\"640\" height=\"496\" border=\"0\" \/><\/div>\n<div class=\"separator\" style=\"clear: both; text-align: center;\"><span style=\"color: #000000;\">(C) wetterzentrale.de<\/span><\/div>\n<div style=\"text-align: center;\">\n<p><span style=\"color: #ffffff;\">.<\/span><\/p>\n<div><span style=\"text-decoration: underline;\"><span style=\"font-size: x-large; color: #ff0000; text-decoration: underline;\"><strong>1.2 IFS (I<\/strong>ntegrated<strong> F<\/strong>orecast<strong> S<\/strong>ystem<strong>) &#8211; ECMWF \u00a0 \u00a0<\/strong><\/span><\/span><\/div>\n<div><span style=\"color: #ffffff;\">.<\/span><\/div>\n<div>\n<p style=\"text-align: left;\"><span style=\"color: #000000;\">-El modelo <strong>IFS<\/strong> (popularmente conocido como &#8220;<em>modelo europeo<\/em>&#8220;) fue creado,\u00a0desarrollado y actualmente mantenido por el Centro Europeo de Predicciones Meteorol\u00f3gicas a Medio Plazo (<strong>CEPMMT<\/strong> o <strong>ECMWF<\/strong> &#8211;<strong>E<\/strong>uropean <strong>C<\/strong>entre for <strong>M<\/strong>edium-range <strong>W<\/strong>eather <strong>F<\/strong>orecasts-).\u00a0El IFS est\u00e1 considerado como el <strong>mejor modelo global de predicci\u00f3n meteorol\u00f3gica<\/strong>\u00a0entre los cuatro grandes modelos globales m\u00e1s usados por las agencias meteorol\u00f3gicas del mundo.<\/span><\/p>\n<p style=\"text-align: left;\"><span style=\"color: #000000;\">Personalmente, teniendo en cuenta la experiencia con los principales modelos, el &#8220;modelo europeo&#8221; es <strong>uno de los m\u00e1s estables<\/strong> en comparaci\u00f3n, por ejemplo, con el modelo americano <strong>GFS<\/strong>, siendo \u00e9ste m\u00e1s din\u00e1mico y variable de una salida a otra. En cambio, el IFS es menos cambiante, y algo m\u00e1s fiable a medio plazo que otros modelos, quiz\u00e1s por el hecho de que no es un modelo al alcance de todos, como s\u00ed lo es GFS.<\/span><\/p>\n<p style=\"text-align: left;\"><span style=\"color: #000000;\">El IFS se actualiza cada 12 horas, con <strong>dos salidas diarias<\/strong>; la de las 00h y 12h UTC. Son varios los productos liberados por el ECMWF, aunque ni mucho menos son tan numerosos como los de GFS. A continuaci\u00f3n los paneles de altura geopotencial a 500 hPa + isobaras, y el panel de temperaturas a 850 hPa. Para este modelo es v\u00e1lida la descripci\u00f3n de los\u00a0par\u00e1metros\u00a0expuesta con el modelo anterior:<\/span><\/p>\n<p><span style=\"color: #ffffff;\">.<\/span><\/p>\n<p><span style=\"text-decoration: underline; color: #000000; font-size: large;\"><strong>\u00a0 \u00a0 Panel de altura geopotencial a 500 hPa (5.500 metros) + Isobaras \u00a0 \u00a0<\/strong><\/span><\/p>\n<\/div>\n<div style=\"text-align: left;\">\n<div style=\"text-align: center;\"><img loading=\"lazy\" class=\"aligncenter\" style=\"border: 0px; margin-top: 0px; margin-bottom: 0px;\" src=\"\/\/www.wetterzentrale.de\/pics\/ecmpanel1.gif\" alt=\"\" width=\"640\" height=\"499\" border=\"0\" \/><\/div>\n<div style=\"text-align: center;\"><span style=\"color: #000000;\">(C) wetterzentrale.de<\/span><\/div>\n<div style=\"text-align: center;\"><span style=\"color: #ffffff;\">.<\/span><\/div>\n<\/div>\n<\/div>\n<div style=\"text-align: center;\">\n<div style=\"text-align: center;\">\n<div style=\"text-align: left;\">\n<div style=\"text-align: left;\">\n<div class=\"separator\" style=\"clear: both; text-align: center;\"><span style=\"text-decoration: underline; font-size: large; color: #000000;\"><strong>\u00a0 \u00a0 Panel de temperaturas a 850 hPa (1.500 metros) \u00a0 \u00a0<\/strong><\/span><\/div>\n<\/div>\n<div style=\"text-align: left;\">\n<div class=\"separator\" style=\"clear: both; text-align: center;\"><img loading=\"lazy\" class=\"aligncenter\" style=\"border: 0px; margin-top: 0px; margin-bottom: 0px;\" src=\"\/\/www.wetterzentrale.de\/pics\/ecmpanel2.gif\" alt=\"\" width=\"640\" height=\"499\" border=\"0\" \/><\/div>\n<div class=\"separator\" style=\"clear: both; text-align: center;\"><span style=\"color: #000000;\">(C) wetterzentrale.de<\/span><\/div>\n<div class=\"separator\" style=\"clear: both; text-align: center;\"><span style=\"color: #ffffff;\">.<\/span><\/div>\n<div class=\"separator\" style=\"clear: both; text-align: center;\">\n<div>\n<div>\n<div><span style=\"text-decoration: underline; color: #ff0000;\"><span style=\"font-size: x-large;\"><strong>1.3 Otros mapas de predicci\u00f3n a corto-medio plazo \u00a0 \u00a0<\/strong><\/span><\/span><\/div>\n<div><span style=\"color: #ffffff;\">.<\/span><\/div>\n<\/div>\n<div><span style=\"text-decoration: underline; font-size: large; color: #000000;\"><strong>\u00a0 \u00a0Precipitaciones (NCEP) &#8211; Europa \u00a0\u00a0<\/strong><\/span><\/div>\n<\/div>\n<div><span style=\"color: #ffffff;\">.<\/span><\/div>\n<div>\n<div style=\"text-align: left;\"><span style=\"color: #000000;\"><strong>1\u00ba mapa:<\/strong>\u00a0acumulaci\u00f3n total de lluvia prevista para el periodo de referencia que aparece a la izquierda del mapa.<\/span><\/div>\n<div style=\"text-align: left;\"><span style=\"color: #000000;\"><strong>2\u00ba mapa:<\/strong>\u00a0Precipitaciones medias para el periodo de referencia que se muestra a la izquierda del mapa.<\/span><\/div>\n<div style=\"text-align: left;\"><span style=\"color: #000000;\"><strong>3\u00ba mapa:<\/strong>\u00a0anomal\u00eda de precipitaci\u00f3n para el periodo de referencia que se muestra a la izquierda del mapa.<\/span><\/div>\n<div><img loading=\"lazy\" class=\"aligncenter\" style=\"border: 0px; margin-top: 0px; margin-bottom: 0px;\" src=\"\/\/wxmaps.org\/pix\/prec4.png\" alt=\"\" width=\"640\" height=\"832\" border=\"0\" \/><\/div>\n<\/div>\n<div><span style=\"color: #ffffff;\">.<\/span><\/div>\n<div style=\"text-align: left;\">\n<div style=\"text-align: center;\"><span style=\"text-decoration: underline; color: #000000; font-size: large;\"><strong>\u00a0 \u00a0Temperatura (NCEP) &#8211; Europa \u00a0\u00a0<\/strong><\/span><\/div>\n<div style=\"text-align: center;\"><span style=\"color: #ffffff;\">.<\/span><\/div>\n<div><span style=\"color: #000000;\"><strong>1\u00ba mapa:<\/strong>\u00a0temperatura media para el periodo de referencia que aparece a la izquierda del mapa.<\/span><\/div>\n<div><span style=\"color: #000000;\"><strong>2\u00ba mapa:<\/strong>\u00a0temperatura media para el periodo de referencia que se muestra a la izquierda del mapa.<\/span><\/div>\n<div><span style=\"color: #000000;\"><strong>3\u00ba mapa:<\/strong>\u00a0anomal\u00eda de temperatura superficial\u00a0para el periodo de referencia que se muestra a la izquierda del mapa.<\/span><\/div>\n<div style=\"text-align: center;\"><img loading=\"lazy\" class=\"aligncenter\" style=\"border: 0px; margin-top: 0px; margin-bottom: 0px;\" src=\"\/\/wxmaps.org\/pix\/temp4.png\" alt=\"\" width=\"640\" height=\"832\" border=\"0\" \/><\/div>\n<div style=\"text-align: center;\"><span style=\"color: #ffffff;\">.<\/span>&#8212;&#8212;&#8212;&#8212;&#8212;&#8212;&#8212;&#8212;&#8212;&#8212;&#8212;&#8212;&#8212;&#8212;&#8212;&#8212;&#8212;&#8212;&#8212;&#8212;&#8212;&#8212;&#8212;&#8212;&#8212;&#8212;&#8212;&#8212;&#8212;&#8212;&#8212;&#8212;&#8212;&#8212;&#8212;&#8212;&#8212;&#8212;&#8212;&#8212;&#8212;&#8212;&#8212;&#8212;&#8212;&#8212;&#8212;&#8211;<\/div>\n<\/div>\n<\/div>\n<div class=\"separator\" style=\"clear: both; text-align: center;\"><span style=\"color: #ffffff;\">.<\/span><\/div>\n<\/div>\n<\/div>\n<\/div>\n<\/div>\n<div style=\"text-align: center;\">\n<p style=\"text-align: left;\"><span style=\"color: #000000;\"><span style=\"font-family: 'Helvetica Neue', Arial, Helvetica, sans-serif; font-size: x-large;\"><strong>2. Predicciones estacionales &#8211; Europa\u00a0<\/strong><\/span><strong style=\"font-family: 'Helvetica Neue', Arial, Helvetica, sans-serif; font-size: x-large;\">(Muy largo plazo)<\/strong><\/span><\/p>\n<p><span style=\"color: #000000;\"><strong style=\"color: orange;\"><span style=\"font-family: 'Helvetica Neue', Arial, Helvetica, sans-serif; font-size: x-large;\"><br \/>\n<\/span><\/strong><\/span><br \/>\n<span style=\"text-decoration: underline; font-size: x-large; color: #ff0000;\"><strong>2.1 CFS (C<\/strong>limate<strong> F<\/strong>orecast<strong> S<\/strong>ystem<strong>) &#8211; NOAA \u00a0 \u00a0<\/strong><\/span><\/p>\n<p>&nbsp;<\/p>\n<p style=\"text-align: left;\"><span style=\"text-decoration: underline;\"><span style=\"color: #000000; text-decoration: underline;\">-Inicialmente, es muy importante insistir en la baja fiabilidad de los modelos estacionales.<\/span><\/span><\/p>\n<p style=\"text-align: left;\"><span style=\"color: #000000;\">Como ya se ha comentado en m\u00e1s de una ocasi\u00f3n, cabe mencionar que los modelos utilizados para predicciones a tan largo plazo, no tienen nada que ver con los modelos meteorol\u00f3gicos usados para elaborar la predicci\u00f3n diaria, ya que los modelos estacionales, adem\u00e1s de tener en cuenta todos los datos de la interacci\u00f3n oc\u00e9ano-atm\u00f3sfera-Tierra, usan <strong>datos probabil\u00edsticos<\/strong> que determinan la tendencia general de la estaci\u00f3n del a\u00f1o correspondiente.<\/span><\/p>\n<p style=\"text-align: left;\"><span style=\"color: #000000;\">Es decir, estos modelos tienen en cuenta <strong>situaciones anteriores<\/strong>, ya vividas a\u00f1os atr\u00e1s, estableciendo as\u00ed una tendencia m\u00e1s probable, en funci\u00f3n de los patrones atmosf\u00e9ricos que hayan marcado las semanas previas al mes y\/o meses de predicci\u00f3n. Adem\u00e1s, estos modelos se encuentran actualmente en pleno desarrollo, en <strong>fase de experimentaci\u00f3n<\/strong>, por lo que <strong>su fiabilidad suele ser bastante baja<\/strong>, aunque s\u00ed es cierto que en numerosas ocasiones han acertado en sus pron\u00f3sticos. A pesar de todo, los modelos estacionales <strong>s\u00ed pueden ayudarnos a marcar tendencias para un mes vista<\/strong>.<\/span><\/p>\n<p style=\"text-align: left;\"><span style=\"text-decoration: underline; font-size: medium; color: #000000;\"><strong>-Interpretaci\u00f3n del mapa de precipitaciones \u00a0<\/strong><\/span><\/p>\n<p style=\"text-align: left;\"><span style=\"color: #000000;\">En colores c\u00e1lidos aparecen representadas las anomal\u00edas negativas (precipitaciones por debajo de lo normal; car\u00e1cter seco). Mientras que mediante los colores fr\u00edos se representan las anomal\u00edas positivas de precipitaci\u00f3n (lluvias por encima de lo normal; car\u00e1cter h\u00famedo). Para ello, en la parte inferior del mapa se muestra una escala de colores, cuya leyenda es la siguiente:<\/span><\/p>\n<p style=\"text-align: center;\"><img loading=\"lazy\" class=\"aligncenter\" style=\"border: 0px; margin-top: 0px; margin-bottom: 0px;\" src=\"\/\/nsae01.casimages.net\/img\/2014\/03\/01\/140301011409821666.png\" alt=\"\" width=\"538\" height=\"96\" \/><\/p>\n<p style=\"text-align: left;\"><span style=\"text-decoration: underline; font-size: medium; color: #000000;\"><strong>-Interpretaci\u00f3n del mapa de temperaturas \u00a0<\/strong><\/span><\/p>\n<p style=\"text-align: left;\"><span style=\"color: #000000;\">En colores c\u00e1lidos se representan las anomal\u00edas positivas de temperatura superficial (valores por encima de la media del mes correspondiente), mientras que los colores fr\u00edos hacen referencia a las anomal\u00edas negativas de temperatura (valores por debajo de la media para el mes correspondiente). La leyenda de su escala es:<\/span><\/p>\n<p style=\"text-align: center;\"><img loading=\"lazy\" class=\"aligncenter\" style=\"border: 0px; margin-top: 0px; margin-bottom: 0px;\" src=\"\/\/nsae01.casimages.net\/img\/2014\/03\/01\/140301011421154510.png\" alt=\"\" width=\"538\" height=\"96\" \/><\/p>\n<p style=\"text-align: left;\"><span style=\"color: #000000;\">A continuaci\u00f3n se muestra una serie de mapas asociados al modelo CFS, comenzando por los mapas de anomal\u00eda de precipitaci\u00f3n y, seguidamente, los mapas de anomal\u00eda de temperatura superficial para el continente Europeo:<\/span><\/p>\n<p><span style=\"color: #ff0000;\">*En la parte superior izquierda del mapa, en color azul, la referencia del mes al que corresponde el mapa*<\/span><\/p>\n<p><span style=\"color: #ff0000;\">-El orden de los mapas es:<\/span><\/p>\n<p><span style=\"color: #ff0000;\"><strong>1\u00ba Mes \/ 4\u00ba Mes<\/strong><\/span><\/p>\n<p><span style=\"color: #ff0000;\"><strong>2\u00ba Mes \/ 5\u00ba Mes<\/strong><\/span><\/p>\n<p><span style=\"color: #ff0000;\"><strong>3\u00ba Mes \/ 6\u00ba Mes<\/strong><\/span><\/p>\n<div style=\"text-align: left;\">\n<div style=\"text-align: center;\">\n<p><span style=\"text-decoration: underline; color: #000000;\"><strong><span style=\"font-size: large;\">\u00a0 \u00a0 Anomal\u00eda de precipitaciones en Europa &#8211; 6 meses \u00a0 \u00a0<\/span><\/strong><\/span><\/p>\n<div class=\"separator\" style=\"clear: both; text-align: center;\"><img loading=\"lazy\" style=\"border: 0px;\" src=\"\/\/www.cpc.ncep.noaa.gov\/products\/people\/wwang\/cfsv2fcst\/imagesInd3\/euPrecMonInd1.gif\" alt=\"\" width=\"299\" height=\"230\" border=\"0\" \/><img loading=\"lazy\" class=\"alignnone\" style=\"border: 0px;\" src=\"\/\/www.cpc.ncep.noaa.gov\/products\/people\/wwang\/cfsv2fcst\/imagesInd3\/euPrecMonInd5.gif\" alt=\"\" width=\"299\" height=\"230\" border=\"0\" \/><\/div>\n<div class=\"separator\" style=\"clear: both; text-align: center;\"><a href=\"http:\/\/www.cpc.ncep.noaa.gov\/products\/people\/wwang\/cfsv2fcst\/imagesInd3\/euPrecMonInd1.gif\" target=\"_blank\" rel=\"external nofollow\"><img loading=\"lazy\" style=\"border: 0px; margin: 0px;\" src=\"\/\/nsae01.casimages.net\/img\/2014\/03\/01\/140301015614656383.gif\" alt=\"\" width=\"20\" height=\"20\" \/>Ampliar mapa<\/a>\u00a0 \u00a0 \u00a0 \u00a0 \u00a0 \u00a0 \u00a0 \u00a0 \u00a0 \u00a0 \u00a0 \u00a0 \u00a0 \u00a0 \u00a0 \u00a0 \u00a0 \u00a0 \u00a0 \u00a0 \u00a0 \u00a0 \u00a0 \u00a0 \u00a0 \u00a0 \u00a0 \u00a0 \u00a0 \u00a0 \u00a0 \u00a0 \u00a0 \u00a0 \u00a0 \u00a0 \u00a0 <a href=\"http:\/\/www.cpc.ncep.noaa.gov\/products\/people\/wwang\/cfsv2fcst\/imagesInd3\/euPrecMonInd5.gif\" target=\"_blank\" rel=\"external nofollow\"><img loading=\"lazy\" class=\"alignnone\" style=\"border: 0px; margin: 0px;\" src=\"\/\/nsae01.casimages.net\/img\/2014\/03\/01\/140301015614656383.gif\" alt=\"\" width=\"20\" height=\"20\" \/>Ampliar mapa<\/a><\/div>\n<div class=\"separator\" style=\"clear: both; text-align: center;\">\u2014\u2014\u2014\u2014\u2014\u2014\u2014\u2014\u2014\u2014\u2014\u2014\u2014\u2014\u2014\u2014\u2014\u2014\u2014\u2014\u2014\u2014\u2014\u2014\u2014\u2014\u2014\u2014\u2014\u2014\u2014\u2014\u2014\u2014\u2014\u2014\u2014\u2014\u2014\u2014\u2014\u2014\u2014\u2014\u2014\u2014\u2014\u2013<\/div>\n<div class=\"separator\" style=\"clear: both; text-align: center;\"><img loading=\"lazy\" class=\"alignnone\" style=\"border: 0px;\" src=\"\/\/www.cpc.ncep.noaa.gov\/products\/people\/wwang\/cfsv2fcst\/imagesInd3\/euPrecMonInd2.gif\" alt=\"\" width=\"299\" height=\"230\" border=\"0\" \/><img loading=\"lazy\" class=\"alignnone\" style=\"border: 0px;\" src=\"\/\/www.cpc.ncep.noaa.gov\/products\/people\/wwang\/cfsv2fcst\/imagesInd3\/euPrecMonInd4.gif\" alt=\"\" width=\"299\" height=\"230\" border=\"0\" \/><\/div>\n<div class=\"separator\" style=\"clear: both; text-align: center;\"><a href=\"http:\/\/www.cpc.ncep.noaa.gov\/products\/people\/wwang\/cfsv2fcst\/imagesInd3\/euPrecMonInd2.gif\" target=\"_blank\" rel=\"external nofollow\"><img loading=\"lazy\" class=\"alignnone\" style=\"border: 0px; margin: 0px;\" src=\"\/\/nsae01.casimages.net\/img\/2014\/03\/01\/140301015614656383.gif\" alt=\"\" width=\"20\" height=\"20\" \/>Ampliar mapa<\/a>\u00a0 \u00a0 \u00a0 \u00a0 \u00a0 \u00a0 \u00a0 \u00a0 \u00a0 \u00a0 \u00a0 \u00a0 \u00a0 \u00a0 \u00a0 \u00a0 \u00a0 \u00a0 \u00a0 \u00a0 \u00a0 \u00a0 \u00a0 \u00a0 \u00a0 \u00a0 \u00a0 \u00a0 \u00a0 \u00a0 \u00a0 \u00a0 \u00a0 \u00a0 \u00a0 \u00a0 \u00a0\u00a0<a href=\"http:\/\/www.cpc.ncep.noaa.gov\/products\/people\/wwang\/cfsv2fcst\/imagesInd3\/euPrecMonInd4.gif\" target=\"_blank\" rel=\"external nofollow\"><img loading=\"lazy\" class=\"alignnone\" style=\"border: 0px; margin: 0px;\" src=\"\/\/nsae01.casimages.net\/img\/2014\/03\/01\/140301015614656383.gif\" alt=\"\" width=\"20\" height=\"20\" \/>Ampliar mapa<\/a><\/div>\n<div class=\"separator\" style=\"clear: both; text-align: center;\">\u2014\u2014\u2014\u2014\u2014\u2014\u2014\u2014\u2014\u2014\u2014\u2014\u2014\u2014\u2014\u2014\u2014\u2014\u2014\u2014\u2014\u2014\u2014\u2014\u2014\u2014\u2014\u2014\u2014\u2014\u2014\u2014\u2014\u2014\u2014\u2014\u2014\u2014\u2014\u2014\u2014\u2014\u2014\u2014\u2014\u2014\u2014\u2013<\/div>\n<div><\/div>\n<div class=\"separator\" style=\"clear: both; text-align: center;\"><a style=\"margin-left: 1em; margin-right: 1em;\" href=\"http:\/\/www.cpc.ncep.noaa.gov\/products\/people\/wwang\/cfsv2fcst\/imagesInd3\/euPrecMonInd5.gif\"><br \/>\n<\/a><\/div>\n<div style=\"text-align: center;\"><img loading=\"lazy\" class=\"alignnone\" style=\"border: 0px;\" src=\"\/\/www.cpc.ncep.noaa.gov\/products\/people\/wwang\/cfsv2fcst\/imagesInd3\/euPrecMonInd3.gif\" alt=\"\" width=\"299\" height=\"230\" border=\"0\" \/><img loading=\"lazy\" class=\"alignnone\" style=\"border: 0px;\" src=\"\/\/www.cpc.ncep.noaa.gov\/products\/people\/wwang\/cfsv2fcst\/imagesInd3\/euPrecMonInd6.gif\" alt=\"\" width=\"299\" height=\"230\" border=\"0\" \/><\/div>\n<div style=\"text-align: center;\">\n<div><a href=\"http:\/\/www.cpc.ncep.noaa.gov\/products\/people\/wwang\/cfsv2fcst\/imagesInd3\/euPrecMonInd3.gif\" target=\"_blank\" rel=\"external nofollow\"><img loading=\"lazy\" class=\"alignnone\" style=\"border: 0px; margin: 0px;\" src=\"\/\/nsae01.casimages.net\/img\/2014\/03\/01\/140301015614656383.gif\" alt=\"\" width=\"20\" height=\"20\" \/>Ampliar mapa<\/a>\u00a0 \u00a0 \u00a0 \u00a0 \u00a0 \u00a0 \u00a0 \u00a0 \u00a0 \u00a0 \u00a0 \u00a0 \u00a0 \u00a0 \u00a0 \u00a0 \u00a0 \u00a0 \u00a0 \u00a0 \u00a0 \u00a0 \u00a0 \u00a0 \u00a0 \u00a0 \u00a0 \u00a0 \u00a0 \u00a0 \u00a0 \u00a0 \u00a0 \u00a0 \u00a0 \u00a0 \u00a0\u00a0<a href=\"http:\/\/www.cpc.ncep.noaa.gov\/products\/people\/wwang\/cfsv2fcst\/imagesInd3\/euPrecMonInd6.gif\" target=\"_blank\" rel=\"external nofollow\"><img loading=\"lazy\" class=\"alignnone\" style=\"border: 0px; margin: 0px;\" src=\"\/\/nsae01.casimages.net\/img\/2014\/03\/01\/140301015614656383.gif\" alt=\"\" width=\"20\" height=\"20\" \/>Ampliar mapa<\/a><\/div>\n<div><span style=\"color: #000000;\">\u2014\u2014\u2014\u2014\u2014\u2014\u2014\u2014\u2014\u2014\u2014\u2014\u2014\u2014\u2014\u2014\u2014\u2014\u2014\u2014\u2014\u2014\u2014\u2014\u2014\u2014\u2014\u2014\u2014\u2014\u2014\u2014\u2014\u2014\u2014\u2014\u2014\u2014\u2014\u2014\u2014\u2014\u2014\u2014\u2014\u2014\u2014\u2013<\/span><\/div>\n<\/div>\n<div class=\"separator\" style=\"clear: both; text-align: left;\"><span style=\"color: #ffffff;\">.<\/span><\/div>\n<div class=\"separator\" style=\"clear: both; text-align: center;\">\n<p><span style=\"text-decoration: underline; font-size: large; color: #000000;\"><strong>\u00a0 \u00a0 Anomal\u00eda de temperaturas en Europa &#8211; 6 meses \u00a0 \u00a0<\/strong><\/span><\/p>\n<\/div>\n<div class=\"separator\" style=\"clear: both; text-align: center;\"><img loading=\"lazy\" class=\"alignnone\" style=\"border: 0px; margin: 0px;\" src=\"\/\/www.cpc.ncep.noaa.gov\/products\/people\/wwang\/cfsv2fcst\/imagesInd3\/euT2mMonInd1.gif\" alt=\"\" width=\"299\" height=\"230\" border=\"0\" \/><img loading=\"lazy\" class=\"alignnone\" style=\"border: 0px; margin: 0px;\" src=\"\/\/www.cpc.ncep.noaa.gov\/products\/people\/wwang\/cfsv2fcst\/imagesInd3\/euT2mMonInd4.gif\" alt=\"\" width=\"299\" height=\"230\" border=\"0\" \/><\/div>\n<div class=\"separator\" style=\"clear: both; text-align: center;\">\n<div><a href=\"http:\/\/www.cpc.ncep.noaa.gov\/products\/people\/wwang\/cfsv2fcst\/imagesInd3\/euT2mMonInd1.gif\" target=\"_blank\" rel=\"external nofollow\"><img loading=\"lazy\" style=\"border: 0px; margin: 0px;\" src=\"\/\/nsae01.casimages.net\/img\/2014\/03\/01\/140301015614656383.gif\" alt=\"\" width=\"20\" height=\"20\" \/>Ampliar mapa<\/a>\u00a0 \u00a0 \u00a0 \u00a0 \u00a0 \u00a0 \u00a0 \u00a0 \u00a0 \u00a0 \u00a0 \u00a0 \u00a0 \u00a0 \u00a0 \u00a0 \u00a0 \u00a0 \u00a0 \u00a0 \u00a0 \u00a0 \u00a0 \u00a0 \u00a0 \u00a0 \u00a0 \u00a0 \u00a0 \u00a0 \u00a0 \u00a0 \u00a0 \u00a0 \u00a0 \u00a0 \u00a0\u00a0<a href=\"http:\/\/www.cpc.ncep.noaa.gov\/products\/people\/wwang\/cfsv2fcst\/imagesInd3\/euT2mMonInd4.gif\" target=\"_blank\" rel=\"external nofollow\"><img loading=\"lazy\" style=\"border: 0px; margin: 0px;\" src=\"\/\/nsae01.casimages.net\/img\/2014\/03\/01\/140301015614656383.gif\" alt=\"\" width=\"20\" height=\"20\" \/>Ampliar mapa<\/a><\/div>\n<div>\u2014\u2014\u2014\u2014\u2014\u2014\u2014\u2014\u2014\u2014\u2014\u2014\u2014\u2014\u2014\u2014\u2014\u2014\u2014\u2014\u2014\u2014\u2014\u2014\u2014\u2014\u2014\u2014\u2014\u2014\u2014\u2014\u2014\u2014\u2014\u2014\u2014\u2014\u2014\u2014\u2014\u2014\u2014\u2014\u2014\u2014\u2014\u2013<\/div>\n<\/div>\n<div class=\"separator\" style=\"clear: both; text-align: center;\"><img loading=\"lazy\" class=\"alignnone\" style=\"border: 0px; margin: 0px;\" src=\"\/\/www.cpc.ncep.noaa.gov\/products\/people\/wwang\/cfsv2fcst\/imagesInd3\/euT2mMonInd2.gif\" alt=\"\" width=\"299\" height=\"230\" border=\"0\" \/><img loading=\"lazy\" class=\"alignnone\" style=\"border: 0px; margin: 0px;\" src=\"\/\/www.cpc.ncep.noaa.gov\/products\/people\/wwang\/cfsv2fcst\/imagesInd3\/euT2mMonInd5.gif\" alt=\"\" width=\"299\" height=\"230\" border=\"0\" \/><\/div>\n<div class=\"separator\" style=\"clear: both; text-align: center;\">\n<div><a href=\"http:\/\/www.cpc.ncep.noaa.gov\/products\/people\/wwang\/cfsv2fcst\/imagesInd3\/euT2mMonInd2.gif\" target=\"_blank\" rel=\"external nofollow\"><img loading=\"lazy\" style=\"border: 0px; margin: 0px;\" src=\"\/\/nsae01.casimages.net\/img\/2014\/03\/01\/140301015614656383.gif\" alt=\"\" width=\"20\" height=\"20\" \/>Ampliar mapa<\/a>\u00a0 \u00a0 \u00a0 \u00a0 \u00a0 \u00a0 \u00a0 \u00a0 \u00a0 \u00a0 \u00a0 \u00a0 \u00a0 \u00a0 \u00a0 \u00a0 \u00a0 \u00a0 \u00a0 \u00a0 \u00a0 \u00a0 \u00a0 \u00a0 \u00a0 \u00a0 \u00a0 \u00a0 \u00a0 \u00a0 \u00a0 \u00a0 \u00a0 \u00a0 \u00a0 \u00a0 \u00a0\u00a0<a href=\"http:\/\/www.cpc.ncep.noaa.gov\/products\/people\/wwang\/cfsv2fcst\/imagesInd3\/euT2mMonInd5.gif\" target=\"_blank\" rel=\"external nofollow\"><img loading=\"lazy\" style=\"border: 0px; margin: 0px;\" src=\"\/\/nsae01.casimages.net\/img\/2014\/03\/01\/140301015614656383.gif\" alt=\"\" width=\"20\" height=\"20\" \/>Ampliar mapa<\/a><\/div>\n<div><span style=\"color: #000000;\">\u2014\u2014\u2014\u2014\u2014\u2014\u2014\u2014\u2014\u2014\u2014\u2014\u2014\u2014\u2014\u2014\u2014\u2014\u2014\u2014\u2014\u2014\u2014\u2014\u2014\u2014\u2014\u2014\u2014\u2014\u2014\u2014\u2014\u2014\u2014\u2014\u2014\u2014\u2014\u2014\u2014\u2014\u2014\u2014\u2014\u2014\u2014\u2013<\/span><\/div>\n<\/div>\n<div class=\"separator\" style=\"clear: both; text-align: center;\"><img loading=\"lazy\" class=\"alignnone\" style=\"border: 0px; margin: 0px;\" src=\"\/\/www.cpc.ncep.noaa.gov\/products\/people\/wwang\/cfsv2fcst\/imagesInd3\/euT2mMonInd3.gif\" alt=\"\" width=\"299\" height=\"230\" border=\"0\" \/><img loading=\"lazy\" class=\"alignnone\" style=\"border: 0px; margin: 0px;\" src=\"\/\/www.cpc.ncep.noaa.gov\/products\/people\/wwang\/cfsv2fcst\/imagesInd3\/euT2mMonInd6.gif\" alt=\"\" width=\"299\" height=\"230\" border=\"0\" \/><\/div>\n<div class=\"separator\" style=\"clear: both; text-align: center;\">\n<div><a href=\"http:\/\/www.cpc.ncep.noaa.gov\/products\/people\/wwang\/cfsv2fcst\/imagesInd3\/euT2mMonInd3.gif\" target=\"_blank\" rel=\"external nofollow\"><img loading=\"lazy\" style=\"border: 0px; margin: 0px;\" src=\"\/\/nsae01.casimages.net\/img\/2014\/03\/01\/140301015614656383.gif\" alt=\"\" width=\"20\" height=\"20\" \/>Ampliar mapa<\/a>\u00a0 \u00a0 \u00a0 \u00a0 \u00a0 \u00a0 \u00a0 \u00a0 \u00a0 \u00a0 \u00a0 \u00a0 \u00a0 \u00a0 \u00a0 \u00a0 \u00a0 \u00a0 \u00a0 \u00a0 \u00a0 \u00a0 \u00a0 \u00a0 \u00a0 \u00a0 \u00a0 \u00a0 \u00a0 \u00a0 \u00a0 \u00a0 \u00a0 \u00a0 \u00a0 \u00a0 \u00a0\u00a0<a href=\"http:\/\/www.cpc.ncep.noaa.gov\/products\/people\/wwang\/cfsv2fcst\/imagesInd3\/euT2mMonInd6.gif\" target=\"_blank\" rel=\"external nofollow\"><img loading=\"lazy\" style=\"border: 0px; margin: 0px;\" src=\"\/\/nsae01.casimages.net\/img\/2014\/03\/01\/140301015614656383.gif\" alt=\"\" width=\"20\" height=\"20\" \/>Ampliar mapa<\/a><\/div>\n<\/div>\n<div class=\"separator\" style=\"clear: both; text-align: center;\">\u2014\u2014\u2014\u2014\u2014\u2014\u2014\u2014\u2014\u2014\u2014\u2014\u2014\u2014\u2014\u2014\u2014\u2014\u2014\u2014\u2014\u2014\u2014\u2014\u2014\u2014\u2014\u2014\u2014\u2014\u2014\u2014\u2014\u2014\u2014\u2014\u2014\u2014\u2014\u2014\u2014\u2014\u2014\u2014\u2014\u2014\u2014\u2013<\/div>\n<div class=\"separator\" style=\"clear: both; text-align: center;\">.<\/div>\n<\/div>\n<\/div>\n<div class=\"separator\" style=\"clear: both; text-align: center;\"><span style=\"color: #000000;\"><strong>< <P\u00e1gina en construcci\u00f3n...>><\/strong><\/span><\/div>\n<div class=\"separator\" style=\"clear: both; text-align: center;\"><\/div>\n<\/div>\n<!-- AddThis Advanced Settings generic via filter on the_content --><!-- AddThis Share Buttons generic via filter on the_content -->","protected":false},"excerpt":{"rendered":"<p>\u00bb\u00a0Esta peque\u00f1a gu\u00eda b\u00e1sica ayudar\u00e1 a aquellos aficionados que ahora se inicien en el mundo de la meteorolog\u00eda, o\u00a0simplemente\u00a0para\u00a0aquellas personas interesadas en la consulta de predicciones, abandonando el cl\u00e1sico mapa de s\u00edmbolos y\u00a0recurriendo a los mapas en bruto. . NOTA: Los mapas que se muestran a continuaci\u00f3n, se actualizan constantemente en las sucesivas salidas o [&hellip;]<!-- AddThis Advanced Settings generic via filter on get_the_excerpt --><!-- AddThis Share Buttons generic via filter on get_the_excerpt --><\/p>\n","protected":false},"author":75,"featured_media":0,"parent":0,"menu_order":0,"comment_status":"open","ping_status":"closed","template":"","meta":[],"_links":{"self":[{"href":"https:\/\/blogs.hoy.es\/meteobadajoz\/wp-json\/wp\/v2\/pages\/120"}],"collection":[{"href":"https:\/\/blogs.hoy.es\/meteobadajoz\/wp-json\/wp\/v2\/pages"}],"about":[{"href":"https:\/\/blogs.hoy.es\/meteobadajoz\/wp-json\/wp\/v2\/types\/page"}],"author":[{"embeddable":true,"href":"https:\/\/blogs.hoy.es\/meteobadajoz\/wp-json\/wp\/v2\/users\/75"}],"replies":[{"embeddable":true,"href":"https:\/\/blogs.hoy.es\/meteobadajoz\/wp-json\/wp\/v2\/comments?post=120"}],"version-history":[{"count":0,"href":"https:\/\/blogs.hoy.es\/meteobadajoz\/wp-json\/wp\/v2\/pages\/120\/revisions"}],"wp:attachment":[{"href":"https:\/\/blogs.hoy.es\/meteobadajoz\/wp-json\/wp\/v2\/media?parent=120"}],"curies":[{"name":"wp","href":"https:\/\/api.w.org\/{rel}","templated":true}]}}